{"id":7,"date":"2013-01-07T00:03:12","date_gmt":"2013-01-06T23:03:12","guid":{"rendered":"http:\/\/ivoreya-judo.si.afna.si\/?page_id=7"},"modified":"2018-11-03T12:49:35","modified_gmt":"2018-11-03T11:49:35","slug":"o-klubu","status":"publish","type":"page","link":"http:\/\/ivoreya-judo.si.afna.si\/?page_id=7","title":{"rendered":"O klubu"},"content":{"rendered":"<p><strong>PRAVILA VADBE V JUDO KLUBU IVO REYA<\/strong><\/p>\n<p>\u2022 Vadba v Judo klubu Ivo Reya poteka celo leto, tudi ob po\u010ditnicah in praznikih<br \/>\n\u2022 Vadba je pla\u010dljiva<br \/>\n\u2022 V \u010dasu po\u010ditnic se \u0161tevilo treningov lahko pove\u010da<br \/>\n\u2022 Cena vadbe se ne spreminja, \u010de otrok obiskuje vadbo le 1x tedensko (ve\u010dja zahtevnost dela&nbsp; &nbsp; &nbsp;&nbsp;&nbsp; trenerja pri podajanju znanja juda)<br \/>\n\u2022 Zaradi praznikov in po\u010ditnic se mese\u010dni prispevek za vadbo ne spremeni<br \/>\n\u2022 Judo klub Ivo Reya bo v primeru bolezni oz. odsotnosti trenerja poiskal primerno zamenjavo &nbsp; &nbsp;&nbsp; &nbsp; na treningu oz. bo pravo\u010dasno obvestila otroke da trening odpade<br \/>\n\u2022 Prispevek za vadbo poravnajo star\u0161i oz. skrbniki za teko\u010di mesec vadbe najkasneje do 12. v &nbsp; &nbsp; &nbsp; &nbsp;&nbsp; mesecu.<br \/>\n\u2022 V kolikor je otrok pri\u0161el samo na en trening in je odsoten zaradi bolezni ali po\u0161kodbe je opravi\u010den od pla\u010dila v nasprotnem primeru se pla\u010da celotna vadnina za teko\u010di mesec<br \/>\n\u2022 V primeru pred\u010dasnega prenehanja obiskovanja izbranega \u0161portnega programa, prispevka ne&nbsp; &nbsp; vra\u010damo<br \/>\n\u2022 Za morebitne po\u0161kodbe, katerih vzrok so nepredvidljivi dejavniki na katere trener in klub nima &nbsp; vpliva, trener in klub ne odgovarjata<br \/>\n\u2022 V primeru, da star\u0161 oz. skrbnik \u017eeli pla\u010dati za ve\u010d mesecev hkrati mora obvestiti klub po &nbsp; &nbsp; &nbsp; &nbsp; &nbsp; &nbsp; &nbsp; &nbsp; elektronski po\u0161ti, da napi\u0161emo novo polo\u017enico in primerni popust<br \/>\n\u2022 Popust: pri pla\u010dilu vadnine za 6 mesece je popust 10% na kon\u010dni znesek<br \/>\npri pla\u010dilu vadnine za 12 mesecev vam vadnino za en mesec podarimo<\/p>\n<p><strong>REKLAMACIJE<\/strong><\/p>\n<p>\u010ce menite, da ra\u010dun ni pravilen prosim \u010de nam to nemudoma sporo\u010dite na elektronsko po\u0161to <a href=\"mailto:info@ivoreya-judo.si\">info@ivoreya-judo.si<\/a><\/p>\n","protected":false},"excerpt":{"rendered":"<p>PRAVILA VADBE V JUDO KLUBU IVO REYA \u2022 Vadba v Judo klubu Ivo Reya poteka celo leto, tudi ob po\u010ditnicah in praznikih \u2022 Vadba je pla\u010dljiva \u2022 V \u010dasu po\u010ditnic se \u0161tevilo treningov lahko pove\u010da \u2022 Cena vadbe se ne spreminja, \u010de otrok obiskuje vadbo le 1x tedensko (ve\u010dja zahtevnost dela&nbsp; &nbsp; &nbsp;&nbsp;&nbsp; trenerja pri [&hellip;]<\/p>\n","protected":false},"author":1,"featured_media":0,"parent":0,"menu_order":0,"comment_status":"closed","ping_status":"open","template":"","meta":{"ngg_post_thumbnail":0,"footnotes":""},"class_list":["post-7","page","type-page","status-publish","hentry"],"jetpack_shortlink":"https:\/\/wp.me\/P345DH-7","jetpack_sharing_enabled":true,"_links":{"self":[{"href":"http:\/\/ivoreya-judo.si.afna.si\/index.php?rest_route=\/wp\/v2\/pages\/7","targetHints":{"allow":["GET"]}}],"collection":[{"href":"http:\/\/ivoreya-judo.si.afna.si\/index.php?rest_route=\/wp\/v2\/pages"}],"about":[{"href":"http:\/\/ivoreya-judo.si.afna.si\/index.php?rest_route=\/wp\/v2\/types\/page"}],"author":[{"embeddable":true,"href":"http:\/\/ivoreya-judo.si.afna.si\/index.php?rest_route=\/wp\/v2\/users\/1"}],"replies":[{"embeddable":true,"href":"http:\/\/ivoreya-judo.si.afna.si\/index.php?rest_route=%2Fwp%2Fv2%2Fcomments&post=7"}],"version-history":[{"count":7,"href":"http:\/\/ivoreya-judo.si.afna.si\/index.php?rest_route=\/wp\/v2\/pages\/7\/revisions"}],"predecessor-version":[{"id":17339,"href":"http:\/\/ivoreya-judo.si.afna.si\/index.php?rest_route=\/wp\/v2\/pages\/7\/revisions\/17339"}],"wp:attachment":[{"href":"http:\/\/ivoreya-judo.si.afna.si\/index.php?rest_route=%2Fwp%2Fv2%2Fmedia&parent=7"}],"curies":[{"name":"wp","href":"https:\/\/api.w.org\/{rel}","templated":true}]}}